{"id":27133,"date":"2017-05-30T10:25:58","date_gmt":"2017-05-30T10:25:58","guid":{"rendered":"https:\/\/escolaraiz.pt\/pt\/?page_id=27133"},"modified":"2025-07-31T14:25:31","modified_gmt":"2025-07-31T14:25:31","slug":"parcerias","status":"publish","type":"page","link":"https:\/\/escolaraiz.pt\/pt\/parcerias\/","title":{"rendered":"Parcerias"},"content":{"rendered":"<div class=\"wpb-content-wrapper\"><p>[vc_row css=&#8221;.vc_custom_1483088684231{padding-top: 40px !important;}&#8221;][vc_column][vc_single_image image=&#8221;28187&#8243; img_size=&#8221;full&#8221;][vc_column_text]Da Raiz faz parte um trabalho integrado com outras institui\u00e7\u00f5es num <strong>formato Win-Win<\/strong>. Escolhemos com exig\u00eancia e detalhe os nossos parceiros e reavaliamos os resultados regularmente de modo a podermos oferecer \u00e0 comunidade os melhores servi\u00e7os.[\/vc_column_text][\/vc_column][\/vc_row][vc_row][vc_column width=&#8221;1\/2&#8243;]<div id=\"mpc_connected_icons-7569f3ac507ff8e\" class=\"mpc-connected-icons mpc-init mpc-transition \"  data-ci-cols=\"4\" data-target=\"icon\" data-layout=\"vertical\"><div class=\"mpc-connected-icons__line\"><span><\/span><\/div><div data-id=\"mpc_icon_column-5769f3ac50800dc\" class=\"mpc-icon-column mpc-init mpc-parent-hover mpc-transition mpc-icon-column--style_5 mpc-align--right \" ><div data-id=\"mpc_icon-7369f3ac5080141\" class=\"mpc-icon mpc-init mpc-transition mpc-effect-none mpc-icon-hover \"><div class=\"mpc-icon-wrap\"><i class=\"mpc-icon-part mpc-regular mpc-transition  fa fa-angle-left\"><\/i><i class=\"mpc-icon-part mpc-hover mpc-transition  fa fa-angle-left\"><\/i><\/div><\/div><div class=\"mpc-icon-column__content-wrap\"><div class=\"mpc-icon-column__content\"><h3 class=\"mpc-icon-column__heading mpc-transition\">HighScope Educational and Research Foundation<\/h3><div class=\"mpc-icon-column__description mpc-transition\"><p>A Raiz \u00e9 a escola modelo em Portugal da<span style=\"color: #000000;\"> <strong><a style=\"color: #000000;\" href=\"https:\/\/highscopeportugal.org\/\" target=\"_blank\" rel=\"noopener\">Associa\u00e7\u00e3o HighScope Portugal<\/a><\/strong><\/span> e trabalha em estreita liga\u00e7\u00e3o com a HighScope Foundation, que desenvolve o curriculum HighScope. A Raiz faz parte da rede internacional de escolas HighScope.<\/p>\n<p>&nbsp;<\/p>\n<\/div><\/div><\/div><\/div><div data-id=\"mpc_icon_column-5469f3ac508020b\" class=\"mpc-icon-column mpc-init mpc-parent-hover mpc-transition mpc-icon-column--style_5 mpc-align--right \" ><div data-id=\"mpc_icon-1169f3ac508024d\" class=\"mpc-icon mpc-init mpc-transition mpc-effect-none mpc-icon-hover \"><div class=\"mpc-icon-wrap\"><i class=\"mpc-icon-part mpc-regular mpc-transition  fa fa-angle-left\"><\/i><i class=\"mpc-icon-part mpc-hover mpc-transition  fa fa-angle-left\"><\/i><\/div><\/div><div class=\"mpc-icon-column__content-wrap\"><div class=\"mpc-icon-column__content\"><h3 class=\"mpc-icon-column__heading mpc-transition\">Orquestra Metropolitana de Lisboa<\/h3><div class=\"mpc-icon-column__description mpc-transition\"><p>Parceria com trabalho di\u00e1rio na escola.<br \/>\n<strong><span style=\"color: #000000;\"><a style=\"color: #000000;\" href=\"https:\/\/www.metropolitana.pt\/\" target=\"_blank\" rel=\"noopener\">Orquestra Metropolitana de Lisboa<\/a><\/span><\/strong><\/p>\n<\/div><\/div><\/div><\/div><div data-id=\"mpc_icon_column-669f3ac50802e2\" class=\"mpc-icon-column mpc-init mpc-parent-hover mpc-transition mpc-icon-column--style_5 mpc-align--right \" ><div data-id=\"mpc_icon-9069f3ac508030f\" class=\"mpc-icon mpc-init mpc-transition mpc-effect-none mpc-icon-hover \"><div class=\"mpc-icon-wrap\"><i class=\"mpc-icon-part mpc-regular mpc-transition  fa fa-angle-left\"><\/i><i class=\"mpc-icon-part mpc-hover mpc-transition  fa fa-angle-left\"><\/i><\/div><\/div><div class=\"mpc-icon-column__content-wrap\"><div class=\"mpc-icon-column__content\"><h3 class=\"mpc-icon-column__heading mpc-transition\">Refood<\/h3><div class=\"mpc-icon-column__description mpc-transition\"><p>A Raiz preocupa-se com o desperd\u00edcio alimentar pelo que sempre que sobra comida, mesmo nas festas que realiza, conta com a <strong><span style=\"color: #000000;\"><a style=\"color: #000000;\" href=\"https:\/\/re-food.org\/\" target=\"_blank\" rel=\"noopener\">Refood<\/a><\/span><\/strong> para o seu reaproveitamento.<\/p>\n<\/div><\/div><\/div><\/div><div data-id=\"mpc_icon_column-8069f3ac50803a5\" class=\"mpc-icon-column mpc-init mpc-parent-hover mpc-transition mpc-icon-column--style_5 mpc-align--right \" ><div data-id=\"mpc_icon-8769f3ac50803d0\" class=\"mpc-icon mpc-init mpc-transition mpc-effect-none mpc-icon-hover \"><div class=\"mpc-icon-wrap\"><i class=\"mpc-icon-part mpc-regular mpc-transition  fa fa-angle-left\"><\/i><i class=\"mpc-icon-part mpc-hover mpc-transition  fa fa-angle-left\"><\/i><\/div><\/div><div class=\"mpc-icon-column__content-wrap\"><div class=\"mpc-icon-column__content\"><h3 class=\"mpc-icon-column__heading mpc-transition\">MIllenniumBCP<\/h3><div class=\"mpc-icon-column__description mpc-transition\"><p>O <span style=\"color: #000000;\"><strong><a style=\"color: #000000;\" href=\"https:\/\/www.millenniumbcp.pt\/\" target=\"_blank\" rel=\"noopener\">Millennium BCP<\/a><\/strong><\/span> \u00e9 um parceiro financeiro da RAIZ desde o seu in\u00edcio.<\/p>\n<\/div><\/div><\/div><\/div><div data-id=\"mpc_icon_column-6869f3ac508045d\" class=\"mpc-icon-column mpc-init mpc-parent-hover mpc-transition mpc-icon-column--style_5 mpc-align--right \" ><div data-id=\"mpc_icon-8669f3ac5080487\" class=\"mpc-icon mpc-init mpc-transition mpc-effect-none mpc-icon-hover \"><div class=\"mpc-icon-wrap\"><i class=\"mpc-icon-part mpc-regular mpc-transition  fa fa-angle-left\"><\/i><i class=\"mpc-icon-part mpc-hover mpc-transition  fa fa-angle-left\"><\/i><\/div><\/div><div class=\"mpc-icon-column__content-wrap\"><div class=\"mpc-icon-column__content\"><h3 class=\"mpc-icon-column__heading mpc-transition\">Caselas Futebol Clube<\/h3><div class=\"mpc-icon-column__description mpc-transition\"><p>As aulas de Educa\u00e7\u00e3o F\u00edsica s\u00e3o realizadas maioritariamente no polidesportivo do Caselas Futebol Clube e no seu campo ao ar livre de modo que as crian\u00e7as possam aproveitar a complementaridade destes dois espa\u00e7os. O autocarro Raiz assegura o transporte porta-a-porta.<\/p>\n<\/div><\/div><\/div><\/div><div data-id=\"mpc_icon_column-9169f3ac508050d\" class=\"mpc-icon-column mpc-init mpc-parent-hover mpc-transition mpc-icon-column--style_5 mpc-align--right \" ><div data-id=\"mpc_icon-6469f3ac5080537\" class=\"mpc-icon mpc-init mpc-transition mpc-effect-none mpc-icon-hover \"><div class=\"mpc-icon-wrap\"><i class=\"mpc-icon-part mpc-regular mpc-transition  fa fa-angle-left\"><\/i><i class=\"mpc-icon-part mpc-hover mpc-transition  fa fa-angle-left\"><\/i><\/div><\/div><div class=\"mpc-icon-column__content-wrap\"><div class=\"mpc-icon-column__content\"><h3 class=\"mpc-icon-column__heading mpc-transition\">Sport Alg\u00e9s e Dafundo<\/h3><div class=\"mpc-icon-column__description mpc-transition\"><p>Esta parceria permite-nos proporcionar a alunos e professores a pr\u00e1tica de desporto escolar <span style=\"font-weight: 400;\">na vertente nata\u00e7\u00e3o<\/span>, em instala\u00e7\u00f5es de alto n\u00edvel e devidamente equipadas. Temos um autocarro porta-a-porta para transportar alunos e professores e, ainda, um curso de Vela para Inicia\u00e7\u00e3o ou Aperfei\u00e7oamento <span style=\"font-weight: 400;\">realizado na \u00e9poca do Ver\u00e3o.<br \/>\n<span style=\"color: #000000;\"><strong><a style=\"color: #000000;\" href=\"https:\/\/www.sportalgesedafundo.com\/\" target=\"_blank\" rel=\"noopener\">Sport Alg\u00e9s e Dafundo<\/a><\/strong><\/span><\/span><\/p>\n<p>&nbsp;<\/p>\n<\/div><\/div><\/div><\/div><div data-id=\"mpc_icon_column-7369f3ac50805e4\" class=\"mpc-icon-column mpc-init mpc-parent-hover mpc-transition mpc-icon-column--style_5 mpc-align--right \" ><div data-id=\"mpc_icon-369f3ac5080615\" class=\"mpc-icon mpc-init mpc-transition mpc-effect-none mpc-icon-hover \"><div class=\"mpc-icon-wrap\"><i class=\"mpc-icon-part mpc-regular mpc-transition  fa fa-angle-left\"><\/i><i class=\"mpc-icon-part mpc-hover mpc-transition  fa fa-angle-left\"><\/i><\/div><\/div><div class=\"mpc-icon-column__content-wrap\"><div class=\"mpc-icon-column__content\"><h3 class=\"mpc-icon-column__heading mpc-transition\">The Inventors<\/h3><div class=\"mpc-icon-column__description mpc-transition\"><p>A Raiz tem uma parceria di\u00e1ria nas suas instala\u00e7\u00f5es com o <span style=\"color: #000000;\"><strong><a style=\"color: #000000;\" href=\"https:\/\/theinventors.io\/\" target=\"_blank\" rel=\"noopener\">The Inventors<\/a><\/strong><\/span> \u2013 um programa escolar que introduz as crian\u00e7as \u00e0s compet\u00eancias e ferramentas do s\u00e9culo XXI. O programa \u00e9 desenvolvido numa base de projetos onde \u00e9 dada liberdade aos alunos para explorar e criar. \u00c9 abrangida a programa\u00e7\u00e3o, eletr\u00f3nica, rob\u00f3tica, design, ferramentas de prototipagem r\u00e1pida, anima\u00e7\u00e3o, entre outros.<\/p>\n<\/div><\/div><\/div><\/div><div data-id=\"mpc_icon_column-4369f3ac50806d4\" class=\"mpc-icon-column mpc-init mpc-parent-hover mpc-transition mpc-icon-column--style_5 mpc-align--right \" ><div data-id=\"mpc_icon-6669f3ac5080706\" class=\"mpc-icon mpc-init mpc-transition mpc-effect-none mpc-icon-hover \"><div class=\"mpc-icon-wrap\"><i class=\"mpc-icon-part mpc-regular mpc-transition  fa fa-angle-left\"><\/i><i class=\"mpc-icon-part mpc-hover mpc-transition  fa fa-angle-left\"><\/i><\/div><\/div><div class=\"mpc-icon-column__content-wrap\"><div class=\"mpc-icon-column__content\"><h3 class=\"mpc-icon-column__heading mpc-transition\">Escola Superior de Educa\u00e7\u00e3o Maria Ulrich<\/h3><div class=\"mpc-icon-column__description mpc-transition\"><p>A Raiz proporciona est\u00e1gios aos alunos da <span style=\"color: #000000;\"><strong><a style=\"color: #000000;\" href=\"https:\/\/www.epps.pt\/sobre-maria-ulrich\" target=\"_blank\" rel=\"noopener\">Escola Maria Ulrich<\/a><\/strong><\/span>, de acordo com o protocolo celebrado entre ambas as institui\u00e7\u00f5es.<\/p>\n<\/div><\/div><\/div><\/div><div data-id=\"mpc_icon_column-5569f3ac50807ac\" class=\"mpc-icon-column mpc-init mpc-parent-hover mpc-transition mpc-icon-column--style_5 mpc-align--right \" ><div data-id=\"mpc_icon-6669f3ac50807dd\" class=\"mpc-icon mpc-init mpc-transition mpc-effect-none mpc-icon-hover \"><div class=\"mpc-icon-wrap\"><i class=\"mpc-icon-part mpc-regular mpc-transition  fa fa-angle-left\"><\/i><i class=\"mpc-icon-part mpc-hover mpc-transition  fa fa-angle-left\"><\/i><\/div><\/div><div class=\"mpc-icon-column__content-wrap\"><div class=\"mpc-icon-column__content\"><h3 class=\"mpc-icon-column__heading mpc-transition\">ISEC Lisboa - Instituto Superior de Educa\u00e7\u00e3o e Ci\u00eancias<\/h3><div class=\"mpc-icon-column__description mpc-transition\"><p><span style=\"font-weight: 400;\">A Raiz proporciona est\u00e1gios aos alunos do <span style=\"color: #000000;\"><strong><a style=\"color: #000000;\" href=\"https:\/\/www.iseclisboa.pt\/index.php\/pt\/\" target=\"_blank\" rel=\"noopener\">ISEC<\/a><\/strong><\/span>, de acordo com o protocolo celebrado entre ambas as institui\u00e7\u00f5es.<\/span><\/p>\n<\/div><\/div><\/div><\/div><\/div>[\/vc_column][vc_column width=&#8221;1\/2&#8243;]<div id=\"mpc_connected_icons-2269f3ac508085f\" class=\"mpc-connected-icons mpc-init mpc-transition \"  data-ci-cols=\"4\" data-target=\"icon\" data-layout=\"vertical\"><div class=\"mpc-connected-icons__line\"><span><\/span><\/div><div data-id=\"mpc_icon_column-9869f3ac508092d\" class=\"mpc-icon-column mpc-init mpc-parent-hover mpc-transition mpc-icon-column--style_3 mpc-align--left \" ><div data-id=\"mpc_icon-4969f3ac5080961\" class=\"mpc-icon mpc-init mpc-transition mpc-effect-none mpc-icon-hover \"><div class=\"mpc-icon-wrap\"><i class=\"mpc-icon-part mpc-regular mpc-transition  fa fa-angle-right\"><\/i><i class=\"mpc-icon-part mpc-hover mpc-transition  fa fa-angle-right\"><\/i><\/div><\/div><div class=\"mpc-icon-column__content-wrap\"><div class=\"mpc-icon-column__content\"><h3 class=\"mpc-icon-column__heading mpc-transition\">INSTITUTO SUPERIOR PSICOLOGIA APLICADA (ISPA)<\/h3><div class=\"mpc-icon-column__description mpc-transition\"><p>A Raiz proporciona est\u00e1gios aos alunos do <span style=\"color: #000000;\"><strong><a style=\"color: #000000;\" href=\"https:\/\/www.ispa.pt\/\" target=\"_blank\" rel=\"noopener\">ISPA<\/a><\/strong><\/span>, de acordo com o protocolo celebrado entre ambas as institui\u00e7\u00f5es.<\/p>\n<p>&nbsp;<\/p>\n<p>&nbsp;<\/p>\n<\/div><\/div><\/div><\/div><div data-id=\"mpc_icon_column-6869f3ac5080a20\" class=\"mpc-icon-column mpc-init mpc-parent-hover mpc-transition mpc-icon-column--style_3 mpc-align--left \" ><div data-id=\"mpc_icon-769f3ac5080a55\" class=\"mpc-icon mpc-init mpc-transition mpc-effect-none mpc-icon-hover \"><div class=\"mpc-icon-wrap\"><i class=\"mpc-icon-part mpc-regular mpc-transition  fa fa-angle-right\"><\/i><i class=\"mpc-icon-part mpc-hover mpc-transition  fa fa-angle-right\"><\/i><\/div><\/div><div class=\"mpc-icon-column__content-wrap\"><div class=\"mpc-icon-column__content\"><h3 class=\"mpc-icon-column__heading mpc-transition\">APIS<\/h3><div class=\"mpc-icon-column__description mpc-transition\"><p><span style=\"color: #000000;\"><strong><a style=\"color: #000000;\" href=\"https:\/\/www.apis.pt\/\" target=\"_blank\" rel=\"noopener\">Associa\u00e7\u00e3o Portuguesa de Instrutores de Socorrismo<\/a><\/strong><\/span>, forma\u00e7\u00e3o regular para a manuten\u00e7\u00e3o de uma equipa especializada para atuar em qualquer emerg\u00eancia.<\/p>\n<\/div><\/div><\/div><\/div><div data-id=\"mpc_icon_column-9869f3ac5080afe\" class=\"mpc-icon-column mpc-init mpc-parent-hover mpc-transition mpc-icon-column--style_3 mpc-align--left \" ><div data-id=\"mpc_icon-4269f3ac5080b30\" class=\"mpc-icon mpc-init mpc-transition mpc-effect-none mpc-icon-hover \"><div class=\"mpc-icon-wrap\"><i class=\"mpc-icon-part mpc-regular mpc-transition  fa fa-angle-right\"><\/i><i class=\"mpc-icon-part mpc-hover mpc-transition  fa fa-angle-right\"><\/i><\/div><\/div><div class=\"mpc-icon-column__content-wrap\"><div class=\"mpc-icon-column__content\"><h3 class=\"mpc-icon-column__heading mpc-transition\">Joaquim Chaves Health Club<\/h3><div class=\"mpc-icon-column__description mpc-transition\"><p>A pr\u00e1tica do exerc\u00edcio f\u00edsico \u00e9, nos dias de hoje, uma das atividades mais determinantes para prevenir o aparecimento de um vasto conjunto de doen\u00e7as e outros constrangimentos ao bom funcionamento do corpo humano. A Raiz estabeleceu um protocolo com o <a href=\"https:\/\/fitness.jcs.pt\/\" target=\"_blank\" rel=\"noopener\"><span style=\"color: #000000;\"><strong>Joaquim Chaves Health Club<\/strong><\/span><\/a> que proporciona a colaboradores, pais e alunos a pr\u00e1tica do exerc\u00edcio f\u00edsico em \u00f3timas condi\u00e7\u00f5es. Confiamos na qualidade das instala\u00e7\u00f5es e a especificidade das mesmas para os diferentes tipos de aulas, no enquadramento de instrutores devidamente qualificados para dirigirem todo o tipo de atividades e na qualidade do ambiente que caracteriza todo o funcionamento do <span style=\"color: #000000;\"><strong><a style=\"color: #000000;\" href=\"https:\/\/fitness.jcs.pt\/\" target=\"_blank\" rel=\"noopener\">JCHC<\/a><\/strong><\/span>.<\/p>\n<\/div><\/div><\/div><\/div><div data-id=\"mpc_icon_column-6569f3ac5080bf0\" class=\"mpc-icon-column mpc-init mpc-parent-hover mpc-transition mpc-icon-column--style_3 mpc-align--left \" ><div data-id=\"mpc_icon-769f3ac5080c22\" class=\"mpc-icon mpc-init mpc-transition mpc-effect-none mpc-icon-hover \"><div class=\"mpc-icon-wrap\"><i class=\"mpc-icon-part mpc-regular mpc-transition  fa fa-angle-right\"><\/i><i class=\"mpc-icon-part mpc-hover mpc-transition  fa fa-angle-right\"><\/i><\/div><\/div><div class=\"mpc-icon-column__content-wrap\"><div class=\"mpc-icon-column__content\"><h3 class=\"mpc-icon-column__heading mpc-transition\">OS BELENENSES (BASQUETEBOL)<\/h3><div class=\"mpc-icon-column__description mpc-transition\"><p>Como patrocinadora da equipa de minibasquete d\u2019Os Belenenses, a Raiz acarinha particularmente esta modalidade. Al\u00e9m disso, os nossos alunos podem praticar Basquetebol neste clube e participar em campeonatos.<\/p>\n<\/div><\/div><\/div><\/div><div data-id=\"mpc_icon_column-4169f3ac5080cc1\" class=\"mpc-icon-column mpc-init mpc-parent-hover mpc-transition mpc-icon-column--style_3 mpc-align--left \" ><div data-id=\"mpc_icon-3669f3ac5080cf2\" class=\"mpc-icon mpc-init mpc-transition mpc-effect-none mpc-icon-hover \"><div class=\"mpc-icon-wrap\"><i class=\"mpc-icon-part mpc-regular mpc-transition  fa fa-angle-right\"><\/i><i class=\"mpc-icon-part mpc-hover mpc-transition  fa fa-angle-right\"><\/i><\/div><\/div><div class=\"mpc-icon-column__content-wrap\"><div class=\"mpc-icon-column__content\"><h3 class=\"mpc-icon-column__heading mpc-transition\">Kids and Nits<\/h3><div class=\"mpc-icon-column__description mpc-transition\"><p>A <strong><span style=\"color: #000000;\"><a style=\"color: #000000;\" href=\"https:\/\/www.kidsandnits.pt\/\" target=\"_blank\" rel=\"noopener\">Kids and Nits e Adeus Piolhos<\/a><\/span>! <\/strong><strong>\u00ae <\/strong>\u00e9 uma rede internacional de Cl\u00ednicas de Pediculose em eliminar <strong>Piolhos e L\u00eandeas <\/strong>da cabe\u00e7a das crian\u00e7as e adultos. Esta parceria traz descontos muito vantajosos para as fam\u00edlias Raiz e o diagn\u00f3stico, por t\u00e9cnicos especializados, no contexto escolar.<\/p>\n<\/div><\/div><\/div><\/div><div data-id=\"mpc_icon_column-4369f3ac5080d9c\" class=\"mpc-icon-column mpc-init mpc-parent-hover mpc-transition mpc-icon-column--style_3 mpc-align--left \" ><div data-id=\"mpc_icon-1669f3ac5080dce\" class=\"mpc-icon mpc-init mpc-transition mpc-effect-none mpc-icon-hover \"><div class=\"mpc-icon-wrap\"><i class=\"mpc-icon-part mpc-regular mpc-transition  fa fa-angle-right\"><\/i><i class=\"mpc-icon-part mpc-hover mpc-transition  fa fa-angle-right\"><\/i><\/div><\/div><div class=\"mpc-icon-column__content-wrap\"><div class=\"mpc-icon-column__content\"><h3 class=\"mpc-icon-column__heading mpc-transition\">Funda\u00e7\u00e3o Champalimaud<\/h3><div class=\"mpc-icon-column__description mpc-transition\"><p>Os colaboradores da <span style=\"color: #000000;\"><strong><a style=\"color: #000000;\" href=\"https:\/\/www.fchampalimaud.org\/pt-pt\" target=\"_blank\" rel=\"noopener\">Funda\u00e7\u00e3o Champalimaud<\/a><\/strong><\/span> t\u00eam um desconto de 25% na inscri\u00e7\u00e3o, de 10% na mensalidade e n\u00e3o pagam prolongamento de hor\u00e1rio.<\/p>\n<\/div><\/div><\/div><\/div><div data-id=\"mpc_icon_column-7069f3ac5080e88\" class=\"mpc-icon-column mpc-init mpc-parent-hover mpc-transition mpc-icon-column--style_3 mpc-align--left \" ><div data-id=\"mpc_icon-3769f3ac5080ebf\" class=\"mpc-icon mpc-init mpc-transition mpc-effect-none mpc-icon-hover \"><div class=\"mpc-icon-wrap\"><i class=\"mpc-icon-part mpc-regular mpc-transition  fa fa-angle-right\"><\/i><i class=\"mpc-icon-part mpc-hover mpc-transition  fa fa-angle-right\"><\/i><\/div><\/div><div class=\"mpc-icon-column__content-wrap\"><div class=\"mpc-icon-column__content\"><h3 class=\"mpc-icon-column__heading mpc-transition\">VITAMINA P<\/h3><div class=\"mpc-icon-column__description mpc-transition\"><p><span style=\"font-weight: 400;\">O <span style=\"color: #000000;\"><strong><a style=\"color: #000000;\" href=\"https:\/\/vitaminap.pt\/pt\/\" target=\"_blank\" rel=\"noopener\">Vitamina P<\/a><\/strong><\/span> \u00e9 uma Cl\u00ednica de Psicologia, Sa\u00fade e Bem Estar. Os alunos da Raiz beneficiam de desconto. <\/span><\/p>\n<\/div><\/div><\/div><\/div><div data-id=\"mpc_icon_column-8769f3ac5080f6b\" class=\"mpc-icon-column mpc-init mpc-parent-hover mpc-transition mpc-icon-column--style_3 mpc-align--left \" ><div data-id=\"mpc_icon-2169f3ac5080f9c\" class=\"mpc-icon mpc-init mpc-transition mpc-effect-none mpc-icon-hover \"><div class=\"mpc-icon-wrap\"><i class=\"mpc-icon-part mpc-regular mpc-transition  fa fa-angle-right\"><\/i><i class=\"mpc-icon-part mpc-hover mpc-transition  fa fa-angle-right\"><\/i><\/div><\/div><div class=\"mpc-icon-column__content-wrap\"><div class=\"mpc-icon-column__content\"><h3 class=\"mpc-icon-column__heading mpc-transition\">ESE Lisboa - Escola Superior de Educa\u00e7\u00e3o de Lisboa<\/h3><div class=\"mpc-icon-column__description mpc-transition\"><p><span style=\"font-weight: 400;\">A Raiz proporciona est\u00e1gios aos alunos da <span style=\"color: #000000;\"><strong><a style=\"color: #000000;\" href=\"https:\/\/www.eselx.ipl.pt\/\" target=\"_blank\" rel=\"noopener\">ESE<\/a><\/strong><\/span>, de acordo com o protocolo celebrado entre ambas as institui\u00e7\u00f5es.<\/span><\/p>\n<\/div><\/div><\/div><\/div><\/div>[\/vc_column][\/vc_row][vc_row][vc_column][vc_empty_space height=&#8221;60px&#8221;][\/vc_column][\/vc_row][vc_row full_width=&#8221;stretch_row&#8221; css=&#8221;.vc_custom_1481244682605{padding-top: 20px !important;padding-bottom: 40px !important;background-color: #00457c !important;}&#8221;][vc_column][vc_single_image image=&#8221;27452&#8243; img_size=&#8221;large&#8221; alignment=&#8221;center&#8221; onclick=&#8221;custom_link&#8221; css_animation=&#8221;fadeIn&#8221; css=&#8221;.vc_custom_1500550487194{background-color: #00457c !important;}&#8221; link=&#8221;https:\/\/escolaraiz.pt\/pt\/contactos\/&#8221;][\/vc_column][\/vc_row]<\/p>\n<\/div>","protected":false},"excerpt":{"rendered":"<p>[vc_row css=&#8221;.vc_custom_1483088684231{padding-top: 40px !important;}&#8221;][vc_column][vc_single_image image=&#8221;28187&#8243; img_size=&#8221;full&#8221;][vc_column_text]Da Raiz faz parte um trabalho integrado com outras institui\u00e7\u00f5es num formato Win-Win. Escolhemos com exig\u00eancia e detalhe os nossos parceiros e reavaliamos os resultados regularmente de modo a podermos oferecer \u00e0 comunidade os melhores servi\u00e7os.[\/vc_column_text][\/vc_column][\/vc_row][vc_row][vc_column width=&#8221;1\/2&#8243;][\/vc_column][vc_column width=&#8221;1\/2&#8243;][\/vc_column][\/vc_row][vc_row][vc_column][vc_empty_space height=&#8221;60px&#8221;][\/vc_column][\/vc_row][vc_row full_width=&#8221;stretch_row&#8221; css=&#8221;.vc_custom_1481244682605{padding-top: 20px !important;padding-bottom: 40px !important;background-color: #00457c !important;}&#8221;][vc_column][vc_single_image image=&#8221;27452&#8243; img_size=&#8221;large&#8221; alignment=&#8221;center&#8221;<\/p>\n","protected":false},"author":1,"featured_media":0,"parent":0,"menu_order":0,"comment_status":"closed","ping_status":"closed","template":"","meta":{"footnotes":""},"class_list":["post-27133","page","type-page","status-publish","hentry"],"yoast_head":"<!-- This site is optimized with the Yoast SEO plugin v27.5 - https:\/\/yoast.com\/product\/yoast-seo-wordpress\/ -->\n<title>Parcerias - Raiz<\/title>\n<meta name=\"description\" content=\"Escolhemos com exig\u00eancia e detalhe os nossos parceiros e reavaliamos os resultados regularmente de modo a podermos oferecer \u00e0 comunidade os melhores servi\u00e7os.\" \/>\n<meta name=\"robots\" content=\"index, follow, max-snippet:-1, max-image-preview:large, max-video-preview:-1\" \/>\n<link rel=\"canonical\" href=\"https:\/\/escolaraiz.pt\/pt\/parcerias\/\" \/>\n<meta name=\"twitter:card\" content=\"summary_large_image\" \/>\n<meta name=\"twitter:title\" content=\"Parcerias\" \/>\n<meta name=\"twitter:description\" content=\"Da Raiz faz parte um trabalho integrado com outras institui\u00e7\u00f5es num formato Win-Win.\" \/>\n<meta name=\"twitter:image\" content=\"https:\/\/escolaraiz.pt\/pt\/wp-content\/uploads\/2022\/11\/digital_art.jpg\" \/>\n<meta name=\"twitter:label1\" content=\"Tempo estimado de leitura\" \/>\n\t<meta name=\"twitter:data1\" content=\"8 minutos\" \/>\n<script type=\"application\/ld+json\" class=\"yoast-schema-graph\">{\"@context\":\"https:\\\/\\\/schema.org\",\"@graph\":[{\"@type\":\"WebPage\",\"@id\":\"https:\\\/\\\/escolaraiz.pt\\\/pt\\\/parcerias\\\/\",\"url\":\"https:\\\/\\\/escolaraiz.pt\\\/pt\\\/parcerias\\\/\",\"name\":\"Parcerias - Raiz\",\"isPartOf\":{\"@id\":\"https:\\\/\\\/escolaraiz.pt\\\/pt\\\/#website\"},\"datePublished\":\"2017-05-30T10:25:58+00:00\",\"dateModified\":\"2025-07-31T14:25:31+00:00\",\"description\":\"Escolhemos com exig\u00eancia e detalhe os nossos parceiros e reavaliamos os resultados regularmente de modo a podermos oferecer \u00e0 comunidade os melhores servi\u00e7os.\",\"breadcrumb\":{\"@id\":\"https:\\\/\\\/escolaraiz.pt\\\/pt\\\/parcerias\\\/#breadcrumb\"},\"inLanguage\":\"pt-PT\",\"potentialAction\":[{\"@type\":\"ReadAction\",\"target\":[\"https:\\\/\\\/escolaraiz.pt\\\/pt\\\/parcerias\\\/\"]}]},{\"@type\":\"BreadcrumbList\",\"@id\":\"https:\\\/\\\/escolaraiz.pt\\\/pt\\\/parcerias\\\/#breadcrumb\",\"itemListElement\":[{\"@type\":\"ListItem\",\"position\":1,\"name\":\"In\u00edcio\",\"item\":\"https:\\\/\\\/escolaraiz.pt\\\/pt\\\/\"},{\"@type\":\"ListItem\",\"position\":2,\"name\":\"Parcerias\"}]},{\"@type\":\"WebSite\",\"@id\":\"https:\\\/\\\/escolaraiz.pt\\\/pt\\\/#website\",\"url\":\"https:\\\/\\\/escolaraiz.pt\\\/pt\\\/\",\"name\":\"Raiz\",\"description\":\"Active Learning School\",\"potentialAction\":[{\"@type\":\"SearchAction\",\"target\":{\"@type\":\"EntryPoint\",\"urlTemplate\":\"https:\\\/\\\/escolaraiz.pt\\\/pt\\\/?s={search_term_string}\"},\"query-input\":{\"@type\":\"PropertyValueSpecification\",\"valueRequired\":true,\"valueName\":\"search_term_string\"}}],\"inLanguage\":\"pt-PT\"}]}<\/script>\n<!-- \/ Yoast SEO plugin. -->","yoast_head_json":{"title":"Parcerias - Raiz","description":"Escolhemos com exig\u00eancia e detalhe os nossos parceiros e reavaliamos os resultados regularmente de modo a podermos oferecer \u00e0 comunidade os melhores servi\u00e7os.","robots":{"index":"index","follow":"follow","max-snippet":"max-snippet:-1","max-image-preview":"max-image-preview:large","max-video-preview":"max-video-preview:-1"},"canonical":"https:\/\/escolaraiz.pt\/pt\/parcerias\/","twitter_card":"summary_large_image","twitter_title":"Parcerias","twitter_description":"Da Raiz faz parte um trabalho integrado com outras institui\u00e7\u00f5es num formato Win-Win.","twitter_image":"https:\/\/escolaraiz.pt\/pt\/wp-content\/uploads\/2022\/11\/digital_art.jpg","twitter_misc":{"Tempo estimado de leitura":"8 minutos"},"schema":{"@context":"https:\/\/schema.org","@graph":[{"@type":"WebPage","@id":"https:\/\/escolaraiz.pt\/pt\/parcerias\/","url":"https:\/\/escolaraiz.pt\/pt\/parcerias\/","name":"Parcerias - Raiz","isPartOf":{"@id":"https:\/\/escolaraiz.pt\/pt\/#website"},"datePublished":"2017-05-30T10:25:58+00:00","dateModified":"2025-07-31T14:25:31+00:00","description":"Escolhemos com exig\u00eancia e detalhe os nossos parceiros e reavaliamos os resultados regularmente de modo a podermos oferecer \u00e0 comunidade os melhores servi\u00e7os.","breadcrumb":{"@id":"https:\/\/escolaraiz.pt\/pt\/parcerias\/#breadcrumb"},"inLanguage":"pt-PT","potentialAction":[{"@type":"ReadAction","target":["https:\/\/escolaraiz.pt\/pt\/parcerias\/"]}]},{"@type":"BreadcrumbList","@id":"https:\/\/escolaraiz.pt\/pt\/parcerias\/#breadcrumb","itemListElement":[{"@type":"ListItem","position":1,"name":"In\u00edcio","item":"https:\/\/escolaraiz.pt\/pt\/"},{"@type":"ListItem","position":2,"name":"Parcerias"}]},{"@type":"WebSite","@id":"https:\/\/escolaraiz.pt\/pt\/#website","url":"https:\/\/escolaraiz.pt\/pt\/","name":"Raiz","description":"Active Learning School","potentialAction":[{"@type":"SearchAction","target":{"@type":"EntryPoint","urlTemplate":"https:\/\/escolaraiz.pt\/pt\/?s={search_term_string}"},"query-input":{"@type":"PropertyValueSpecification","valueRequired":true,"valueName":"search_term_string"}}],"inLanguage":"pt-PT"}]}},"_links":{"self":[{"href":"https:\/\/escolaraiz.pt\/pt\/wp-json\/wp\/v2\/pages\/27133","targetHints":{"allow":["GET"]}}],"collection":[{"href":"https:\/\/escolaraiz.pt\/pt\/wp-json\/wp\/v2\/pages"}],"about":[{"href":"https:\/\/escolaraiz.pt\/pt\/wp-json\/wp\/v2\/types\/page"}],"author":[{"embeddable":true,"href":"https:\/\/escolaraiz.pt\/pt\/wp-json\/wp\/v2\/users\/1"}],"replies":[{"embeddable":true,"href":"https:\/\/escolaraiz.pt\/pt\/wp-json\/wp\/v2\/comments?post=27133"}],"version-history":[{"count":17,"href":"https:\/\/escolaraiz.pt\/pt\/wp-json\/wp\/v2\/pages\/27133\/revisions"}],"predecessor-version":[{"id":30828,"href":"https:\/\/escolaraiz.pt\/pt\/wp-json\/wp\/v2\/pages\/27133\/revisions\/30828"}],"wp:attachment":[{"href":"https:\/\/escolaraiz.pt\/pt\/wp-json\/wp\/v2\/media?parent=27133"}],"curies":[{"name":"wp","href":"https:\/\/api.w.org\/{rel}","templated":true}]}}