{"id":27005,"date":"2017-05-29T13:42:30","date_gmt":"2017-05-29T13:42:30","guid":{"rendered":"https:\/\/escolaraiz.pt\/pt\/?page_id=27005"},"modified":"2025-08-20T15:27:24","modified_gmt":"2025-08-20T15:27:24","slug":"missao","status":"publish","type":"page","link":"https:\/\/escolaraiz.pt\/pt\/missao\/","title":{"rendered":"Miss\u00e3o"},"content":{"rendered":"<div class=\"wpb-content-wrapper\"><p>[vc_row full_width=&#8221;stretch_row&#8221;][vc_column][vc_empty_space][vc_column_text css=&#8221;&#8221;]<\/p>\n<h3><span style=\"color: #333399;\">Influenciar a educa\u00e7\u00e3o em Portugal e no mundo <\/span><br \/>\n<span style=\"color: #333399;\">e dar \u00e0s crian\u00e7as instrumentos para se desenvolverem de um modo sustentado.<\/span><\/h3>\n<p>[\/vc_column_text][\/vc_column][\/vc_row][vc_row full_width=&#8221;stretch_row&#8221;][vc_column][vc_single_image image=&#8221;28333&#8243; img_size=&#8221;full&#8221;][\/vc_column][\/vc_row][vc_row][vc_column width=&#8221;1\/4&#8243;][vc_single_image image=&#8221;30900&#8243; img_size=&#8221;400&#215;500&#8243; css=&#8221;&#8221;][\/vc_column][vc_column width=&#8221;3\/4&#8243;][vc_column_text]A Raiz International Active Learning School tem como miss\u00e3o influenciar a educa\u00e7\u00e3o em Portugal e no mundo pela marca que deixa nos seus alunos, fam\u00edlias e professores HighScope.<\/p>\n<p>Os alunos, os professores e as fam\u00edlias aprendem melhor quando o fazem atrav\u00e9s do movimento, de <em>hands-on tasks<\/em> e da intera\u00e7\u00e3o direta com os outros e com o meio.[\/vc_column_text][vc_single_image image=&#8221;30720&#8243; img_size=&#8221;700&#215;91&#8243;][\/vc_column][\/vc_row][vc_row full_width=&#8221;stretch_row&#8221;][vc_column][vc_column_text]\u00c9 na Raiz que as crian\u00e7as ganham o gosto por estudar, por ler, por criar, por arriscar ir mais longe, ousando acreditar que o mundo com a sua contribui\u00e7\u00e3o pode ser mais e melhor. Tornam-se depois adolescentes e jovens adultos, e nessa fase, estejam a estudar onde estiverem est\u00e3o seguros do seu valor, da sua miss\u00e3o e da sua capacidade de serem l\u00edderes da sua pr\u00f3pria vida.[\/vc_column_text][vc_column_text]Os alunos desta escola desenvolvem um pensamento cr\u00edtico e criativo, matem\u00e1tico e sistem\u00e1tico e capacidades de resolu\u00e7\u00e3o de problemas com as \u201cm\u00e3os na massa\u201d. N\u00e3o s\u00e3o expostos a fra\u00e7\u00f5es ou a equa\u00e7\u00f5es apenas atrav\u00e9s de um programa de computador, nem aprendem ouvindo longas e enfadonhas palestras. Pelo contr\u00e1rio, eles partem de desafios reais que os motivam para os conte\u00fados, fazem workshops sobre conte\u00fados espec\u00edficos, discutem a mat\u00e9ria com os colegas e professores e s\u00f3 depois consolidam o conhecimento por meio de fichas, t\u00e9cnicas de memoriza\u00e7\u00e3o e t\u00e9cnicas de resumo. A tecnologia faz parte integrante do processo como facilitador nas suas mais variadas express\u00f5es. Sente-se surpreendido? Esse \u00e9 um sentimento comum, em v\u00e1rios pontos do mundo, antes de experimentarem o HighScope. A miss\u00e3o da escola \u00e9 fundamental num mundo em constante mudan\u00e7a. A Raiz procura assim num trabalho \u00e1rduo, dialogado e dedicado a alcan\u00e7ar a excel\u00eancia da institui\u00e7\u00e3o sabendo com isso que promove o sucesso dos que dela fazem parte.[\/vc_column_text][vc_column_text]O processo de ensino-aprendizagem na Raiz prepara os alunos para a vida, para responderem aos est\u00edmulos acad\u00e9micos, pessoais, sociais de um modo profundo e estruturado. As aprendizagens realizadas na Raiz t\u00eam um impacto determinante ao longo da vida. <a href=\"https:\/\/highscope.org\/perry-preschool-project\/\">O estudo longitudinal Perry Preschool<\/a>, realizado pelo HighScope ao longo de 50 anos, mostra os resultados extraordin\u00e1rios alcan\u00e7ados, quando comparados com os do ensino tradicional.[\/vc_column_text][vc_single_image image=&#8221;30716&#8243; img_size=&#8221;full&#8221;][vc_column_text]O mundo digital e a intelig\u00eancia artificial est\u00e3o a revolucionar o nosso mundo e tamb\u00e9m a educa\u00e7\u00e3o, pelo que est\u00e3o representados na escola na qualidade e quantidade necess\u00e1ria, para ser vantajoso, potenciador de aprendizagem e promotor de intera\u00e7\u00e3o com toda a comunidade e com o mundo. Temos em conta os perigos da tecnologia e estamos atentos para que sejam ben\u00e9ficas e n\u00e3o causem disfun\u00e7\u00f5es no processo de aprendizagem.<\/p>\n<p>Ser criativo e ter a capacidade de inovar acontece quando o aluno vive num ambiente estimulante, simples, tranquilo, atento aos detalhes da vida e focado em cada um como um ser especial, individual e \u00fanico. O apoio dado a cada aluno neste processo de aprendizagem \u00e9 decisivo na sua capacidade de aceitar o erro, tirar ila\u00e7\u00f5es e continuar a percorrer caminho.[\/vc_column_text][vc_single_image image=&#8221;29616&#8243; img_size=&#8221;full&#8221;][vc_column_text]J\u00e1 ouviu perguntas na r\u00e1dio ou nas redes logo no in\u00edcio da sua segunda-feira sobre quando chega sexta-feira? Express\u00f5es como \u201cNunca mais \u00e9 sexta-feira!\u201d Quem vive assim, evita o presente, prende-se ao futuro. Viver plenamente o presente \u00e9 um desafio que se coloca a cada um de n\u00f3s, mas nem todos t\u00eam ferramentas para responder. O seu filho ganha essas ferramentas na Raiz, aprende a direcionar a aten\u00e7\u00e3o e a concentra\u00e7\u00e3o, a emergir totalmente num assunto e a gostar verdadeiramente do seu dia-a-dia. Na segunda-feira vive a segunda-feira e na sexta-feira vive a sexta-feira e celebra as conquistas da semana. Aceita tamb\u00e9m os erros, vive-os com tranquilidade, estabelece novos objetivos e avan\u00e7a com tranquilidade. Como Steve Jobs dizia, passamos grande parte da nossa vida a trabalhar. Que tal aprendermos a fazer escolhas que sejam realmente importantes para cada um?<\/p>\n<p>&nbsp;<\/p>\n<p>[\/vc_column_text][\/vc_column][\/vc_row][vc_row][vc_column][vc_single_image image=&#8221;27472&#8243; img_size=&#8221;full&#8221; alignment=&#8221;center&#8221;][\/vc_column][\/vc_row][vc_row css=&#8221;.vc_custom_1483088684231{padding-top: 40px !important;}&#8221;][vc_column width=&#8221;1\/4&#8243;][vc_single_image image=&#8221;27474&#8243; img_size=&#8221;332&#215;486&#8243;][\/vc_column][vc_column width=&#8221;3\/4&#8243;][vc_column_text]A Raiz International Active Learning School d\u00e1 as boas-vindas com muita alegria aos alunos de todas as nacionalidades que tenham vontade de estudar num ambiente internacional. A comunidade atual conta com alunos de v\u00e1rias nacionalidades e todos os anos tem, com enorme alegria, recebido novas nacionalidades. O movimento come\u00e7a com a entrada de uma fam\u00edlia e rapidamente h\u00e1 um \u201cpassa palavra\u201d.[\/vc_column_text][vc_column_text]Os alunos est\u00e3o organizados em grupos conforme os momentos de aprendizagem propostos e a idade das crian\u00e7as, respondendo assim aos \u00edndices das melhores pr\u00e1ticas educativas internacionais.[\/vc_column_text][vc_column_text]<span style=\"color: #333399;\"><strong>A comunidade educativa formada pelas fam\u00edlias, alunos e colaboradores vive um modelo de intera\u00e7\u00e3o positiva e acolhedor, onde cada um tem o seu lugar muito especial, havendo um enorme respeito pela individualidade e um enorme apoio da comunidade a cada indiv\u00edduo, conforme as suas necessidades. \u00c9 uma comunidade viva de partilha e sucesso.<\/strong><\/span>[\/vc_column_text][vc_column_text]O processo de ensino-aprendizagem \u00e9 vivido por todos, adaptando-se aos ritmos de vida das fam\u00edlias com maior e menor disponibilidade de hor\u00e1rio.[\/vc_column_text][vc_column_text]Os pais s\u00e3o convidados a participarem em Encontros de Pais com um grupo de encarregados de educa\u00e7\u00e3o da mesma sala, onde os alunos e professores partilham os conhecimentos que t\u00eam sido desenvolvidos. Os alunos partilham saberes, fazem atividades com os pais e mostram o processo atrav\u00e9s do qual aprendem fazendo. Torna-se assim clara para os pais a aprendizagem dos seus filhos e o modo como os podem apoiar no seu dia-a-dia.[\/vc_column_text][vc_single_image image=&#8221;27477&#8243; img_size=&#8221;full&#8221; alignment=&#8221;center&#8221;][vc_column_text]Nos \u00faltimos anos a Raiz tem desenvolvido muito a sua comunidade internacional. Fam\u00edlias de v\u00e1rias partes do mundo e nacionalidades procuram a Raiz pelo ambiente de diversidade que se vive. Esta diversidade cultural, de ideias e costumes tem sido uma enorme mais valia para as crian\u00e7as Portuguesas e para as crian\u00e7as de outras nacionalidades. A integra\u00e7\u00e3o de cada nova fam\u00edlia est\u00e1 pensada ao detalhe: h\u00e1 um acolhimento espec\u00edfico realizado ao longo dos primeiros noventa dias com v\u00e1rios encontros. Nestes encontros profissionais da Raiz, partilham eixos fundamentais e experimentam com as fam\u00edlias o que \u00e9 a aprendizagem ativa, s\u00e3o momentos de intera\u00e7\u00e3o, divers\u00e3o e integra\u00e7\u00e3o muito interessantes para todos. Ao longo do ano, as fam\u00edlias s\u00e3o chamadas a participar no dia a dia, a observar a crian\u00e7a no seu contexto e a participar de eventos e festas. O processo de socializa\u00e7\u00e3o e integra\u00e7\u00e3o da fam\u00edlia \u00e9 cuidado tamb\u00e9m pelo pr\u00f3prio educador ou professor titular, promovendo assim a partilha entre fam\u00edlias.<\/p>\n<p>[\/vc_column_text][\/vc_column][\/vc_row][vc_row][vc_column][vc_single_image image=&#8221;28343&#8243; img_size=&#8221;full&#8221; alignment=&#8221;center&#8221;][vc_column_text]<\/p>\n<p style=\"text-align: center;\">A escola emprega um n\u00famero significativo de pessoas com elevadas habilita\u00e7\u00f5es, incluindo administradores, professores e educadores especializados, terapeutas e psic\u00f3logos, todos com forma\u00e7\u00e3o no Modelo HighScope.<br \/>\nTem uma equipa de apoio n\u00e3o pedag\u00f3gica totalmente integrada no processo, constituindo todos uma grande fam\u00edlia Raiz.<\/p>\n<p>[\/vc_column_text][\/vc_column][\/vc_row][vc_row][vc_column][vc_column_text]<\/p>\n<h2 style=\"text-align: center;\">Dire\u00e7\u00e3o<\/h2>\n<p>[\/vc_column_text][\/vc_column][\/vc_row][vc_row css=&#8221;.vc_custom_1499775647192{padding-top: 30px !important;padding-right: 150px !important;padding-bottom: 30px !important;padding-left: 150px !important;}&#8221;][vc_column width=&#8221;1\/3&#8243; alignment=&#8221;center&#8221;]<div data-id=\"mpc_image-9869f4131ab2eea\" onclick=\"\" class=\"mpc-image mpc-init mpc-fullwidth \" ><div class=\"mpc-item mpc-transition\"><img decoding=\"async\" class=\"mpc-transition \" src=\"https:\/\/escolaraiz.pt\/pt\/wp-content\/uploads\/2017\/05\/Staff-e-dire\u00e7\u00e3o_DSC_1471e-250x250.jpg\" width=\"250\" height=\"250\" alt=\"LUIS SILVEIRA RODRIGUES\" title=\"LUIS SILVEIRA RODRIGUES\" loading=\"lazy\" \/><\/div><\/div><div data-id=\"mpc_icon_column-1869f4131ab2fea\" class=\"mpc-icon-column mpc-init mpc-parent-hover mpc-transition mpc-icon-column--style_1 mpc-align--center \" ><div class=\"mpc-icon-column__content-wrap\"><div class=\"mpc-icon-column__content\"><h3 class=\"mpc-icon-column__heading mpc-transition\">Luis Silveira Rodrigues<\/h3><\/div><\/div><\/div><div id=\"mpc_textblock-6569f4131ab3047\" class=\"mpc-textblock mpc-init \"><p>Dire\u00e7\u00e3o<\/p>\n<\/div>[\/vc_column][vc_column width=&#8221;1\/3&#8243; alignment=&#8221;center&#8221;]<div data-id=\"mpc_image-5469f4131ab36a5\" onclick=\"\" class=\"mpc-image mpc-init mpc-fullwidth \" ><div class=\"mpc-item mpc-transition\"><img decoding=\"async\" class=\"mpc-transition \" src=\"https:\/\/escolaraiz.pt\/pt\/wp-content\/uploads\/2017\/05\/Staff-e-dire\u00e7\u00e3o_DSC_1467e-400x400.jpg\" width=\"400\" height=\"400\" alt=\"MARGARIDA SILVEIRA RODRIGUES\" title=\"MARGARIDA SILVEIRA RODRIGUES\" loading=\"lazy\" \/><\/div><\/div><div data-id=\"mpc_icon_column-1569f4131ab3730\" class=\"mpc-icon-column mpc-init mpc-parent-hover mpc-transition mpc-icon-column--style_1 mpc-align--center \" ><div class=\"mpc-icon-column__content-wrap\"><div class=\"mpc-icon-column__content\"><h3 class=\"mpc-icon-column__heading mpc-transition\">Margarida Silveira Rodrigues<\/h3><\/div><\/div><\/div><div id=\"mpc_textblock-1569f4131ab376f\" class=\"mpc-textblock mpc-init \"><p style=\"text-align: center;\">Dire\u00e7\u00e3o<\/p>\n<\/div>[\/vc_column][vc_column width=&#8221;1\/3&#8243; alignment=&#8221;center&#8221;]<div data-id=\"mpc_image-7569f4131ab3dbe\" onclick=\"\" class=\"mpc-image mpc-init mpc-fullwidth \" ><div class=\"mpc-item mpc-transition\"><img decoding=\"async\" class=\"mpc-transition \" src=\"https:\/\/escolaraiz.pt\/pt\/wp-content\/uploads\/2017\/05\/Staff-e-dire\u00e7\u00e3o_DSC_1396-400x400.jpg\" width=\"400\" height=\"400\" alt=\"Joaquim Vitor\" title=\"Joaquim Vitor\" loading=\"lazy\" \/><\/div><\/div><div data-id=\"mpc_icon_column-9469f4131ab3e3f\" class=\"mpc-icon-column mpc-init mpc-parent-hover mpc-transition mpc-icon-column--style_1 mpc-align--center \" ><div class=\"mpc-icon-column__content-wrap\"><div class=\"mpc-icon-column__content\"><h3 class=\"mpc-icon-column__heading mpc-transition\">Joaquim Vitor<\/h3><\/div><\/div><\/div><div id=\"mpc_textblock-2069f4131ab3ea4\" class=\"mpc-textblock mpc-init \"><p style=\"text-align: center;\">Dire\u00e7\u00e3o<\/p>\n<\/div>[\/vc_column][\/vc_row][vc_row css=&#8221;.vc_custom_1499775647192{padding-top: 30px !important;padding-right: 150px !important;padding-bottom: 30px !important;padding-left: 150px !important;}&#8221;][vc_column width=&#8221;1\/3&#8243; alignment=&#8221;center&#8221;]<div data-id=\"mpc_image-9769f4131ab477a\" onclick=\"\" class=\"mpc-image mpc-init mpc-fullwidth \" ><div class=\"mpc-item mpc-transition\"><img decoding=\"async\" class=\"mpc-transition \" src=\"https:\/\/escolaraiz.pt\/pt\/wp-content\/uploads\/2022\/02\/IMG-20211019-WA00072-400x400.jpg\" width=\"400\" height=\"400\" alt=\"FATIMA MARQUES RAIZ\" title=\"FATIMA MARQUES RAIZ\" loading=\"lazy\" \/><\/div><\/div><div data-id=\"mpc_icon_column-4269f4131ab4805\" class=\"mpc-icon-column mpc-init mpc-parent-hover mpc-transition mpc-icon-column--style_1 mpc-align--center \" ><div class=\"mpc-icon-column__content-wrap\"><div class=\"mpc-icon-column__content\"><h3 class=\"mpc-icon-column__heading mpc-transition\">F\u00e1tima Marques<\/h3><\/div><\/div><\/div><div id=\"mpc_textblock-2069f4131ab4847\" class=\"mpc-textblock mpc-init \"><p>Dire\u00e7\u00e3o<\/p>\n<\/div>[\/vc_column][vc_column width=&#8221;1\/3&#8243;][\/vc_column][vc_column width=&#8221;1\/3&#8243;][\/vc_column][\/vc_row][vc_row][vc_column][vc_column_text]<\/p>\n<h2 style=\"text-align: center;\">Dire\u00e7\u00e3o pedag\u00f3gica<\/h2>\n<p>[\/vc_column_text][\/vc_column][\/vc_row][vc_row css=&#8221;.vc_custom_1499775647192{padding-top: 30px !important;padding-right: 150px !important;padding-bottom: 30px !important;padding-left: 150px !important;}&#8221;][vc_column width=&#8221;1\/3&#8243; alignment=&#8221;center&#8221;]<div data-id=\"mpc_image-5369f4131ab56bc\" onclick=\"\" class=\"mpc-image mpc-init mpc-fullwidth \" ><div class=\"mpc-item mpc-transition\"><img decoding=\"async\" class=\"mpc-transition \" src=\"https:\/\/escolaraiz.pt\/pt\/wp-content\/uploads\/2024\/02\/Andrea-diretora-pedagogica-e-professora-de-ingles-250x250.png\" width=\"250\" height=\"250\" alt=\"Andr\u00e9a Plantier Martins\" title=\"Andr\u00e9a---diretora-pedag\u00f3gica-e-professora-de-ingl\u00eas\" loading=\"lazy\" \/><\/div><\/div><div data-id=\"mpc_icon_column-2969f4131ab57af\" class=\"mpc-icon-column mpc-init mpc-parent-hover mpc-transition mpc-icon-column--style_1 mpc-align--center \" ><div class=\"mpc-icon-column__content-wrap\"><div class=\"mpc-icon-column__content\"><h3 class=\"mpc-icon-column__heading mpc-transition\">Andr\u00e9a Plantier Martins<\/h3><\/div><\/div><\/div><div id=\"mpc_textblock-5169f4131ab5808\" class=\"mpc-textblock mpc-init \"><p style=\"text-align: center;\">Dire\u00e7\u00e3o pedag\u00f3gica<\/p>\n<p>&nbsp;<\/p>\n<\/div>[\/vc_column][vc_column width=&#8221;1\/3&#8243; alignment=&#8221;center&#8221;]<div data-id=\"mpc_image-669f4131ab5a4c\" onclick=\"\" class=\"mpc-image mpc-init mpc-fullwidth \" ><div class=\"mpc-item mpc-transition\"><img decoding=\"async\" class=\"mpc-transition \" src=\"https:\/\/escolaraiz.pt\/pt\/wp-content\/uploads\/2017\/05\/Staff-e-dire\u00e7\u00e3o_DSC_1396-400x400.jpg\" width=\"400\" height=\"400\" alt=\"Joaquim Vitor\" title=\"Joaquim Vitor\" loading=\"lazy\" \/><\/div><\/div><div data-id=\"mpc_icon_column-5869f4131ab5aca\" class=\"mpc-icon-column mpc-init mpc-parent-hover mpc-transition mpc-icon-column--style_1 mpc-align--center \" ><div class=\"mpc-icon-column__content-wrap\"><div class=\"mpc-icon-column__content\"><h3 class=\"mpc-icon-column__heading mpc-transition\">Joaquim Vitor<\/h3><\/div><\/div><\/div><div id=\"mpc_textblock-5669f4131ab5b05\" class=\"mpc-textblock mpc-init \"><p style=\"text-align: center;\">Dire\u00e7\u00e3o pedag\u00f3gica<\/p>\n<\/div>[\/vc_column][vc_column width=&#8221;1\/3&#8243; alignment=&#8221;center&#8221;]<div data-id=\"mpc_image-1069f4131ab5cee\" onclick=\"\" class=\"mpc-image mpc-init mpc-fullwidth \" ><div class=\"mpc-item mpc-transition\"><img decoding=\"async\" class=\"mpc-transition \" src=\"https:\/\/escolaraiz.pt\/pt\/wp-content\/uploads\/2017\/05\/Staff-e-dire\u00e7\u00e3o_DSC_1467e-400x400.jpg\" width=\"400\" height=\"400\" alt=\"MARGARIDA SILVEIRA RODRIGUES\" title=\"MARGARIDA SILVEIRA RODRIGUES\" loading=\"lazy\" \/><\/div><\/div><div data-id=\"mpc_icon_column-1269f4131ab5d69\" class=\"mpc-icon-column mpc-init mpc-parent-hover mpc-transition mpc-icon-column--style_1 mpc-align--center \" ><div class=\"mpc-icon-column__content-wrap\"><div class=\"mpc-icon-column__content\"><h3 class=\"mpc-icon-column__heading mpc-transition\">Margarida Silveira Rodrigues<\/h3><\/div><\/div><\/div><div id=\"mpc_textblock-5169f4131ab5db5\" class=\"mpc-textblock mpc-init \"><p style=\"text-align: center;\">Dire\u00e7\u00e3o pedag\u00f3gica<\/p>\n<\/div>[\/vc_column][\/vc_row][vc_row][vc_column][vc_single_image image=&#8221;28312&#8243; img_size=&#8221;full&#8221; alignment=&#8221;center&#8221;][vc_column_text]<\/p>\n<p style=\"text-align: center;\">A Raiz \u00e9 uma escola com autonomia pedag\u00f3gica reconhecida pelo Minist\u00e9rio da Educa\u00e7\u00e3o Portugu\u00eas.<br \/>\n\u00c9 tamb\u00e9m a escola modelo da Associa\u00e7\u00e3o HighScope Portugal, um modelo com certifica\u00e7\u00e3o internacional, e faz parte da rede internacional de escolas HighScope espalhadas por todo o mundo.<\/p>\n<p>[\/vc_column_text][\/vc_column][\/vc_row][vc_row full_width=&#8221;stretch_row&#8221; css=&#8221;.vc_custom_1481244682605{padding-top: 20px !important;padding-bottom: 40px !important;background-color: #00457c !important;}&#8221;][vc_column][vc_single_image image=&#8221;27452&#8243; img_size=&#8221;large&#8221; alignment=&#8221;center&#8221; onclick=&#8221;custom_link&#8221; css_animation=&#8221;fadeIn&#8221; css=&#8221;.vc_custom_1500546847082{background-color: #00457c !important;}&#8221; link=&#8221;https:\/\/escolaraiz.pt\/pt\/contactos\/&#8221;][\/vc_column][\/vc_row]<\/p>\n<\/div>","protected":false},"excerpt":{"rendered":"<p>[vc_row full_width=&#8221;stretch_row&#8221;][vc_column][vc_empty_space][vc_column_text css=&#8221;&#8221;] Influenciar a educa\u00e7\u00e3o em Portugal e no mundo e dar \u00e0s crian\u00e7as instrumentos para se desenvolverem de um modo sustentado. [\/vc_column_text][\/vc_column][\/vc_row][vc_row full_width=&#8221;stretch_row&#8221;][vc_column][vc_single_image image=&#8221;28333&#8243; img_size=&#8221;full&#8221;][\/vc_column][\/vc_row][vc_row][vc_column width=&#8221;1\/4&#8243;][vc_single_image image=&#8221;30900&#8243; img_size=&#8221;400&#215;500&#8243; css=&#8221;&#8221;][\/vc_column][vc_column width=&#8221;3\/4&#8243;][vc_column_text]A Raiz International Active Learning School tem como miss\u00e3o influenciar a educa\u00e7\u00e3o em Portugal e no mundo pela marca que deixa nos seus alunos,<\/p>\n","protected":false},"author":1,"featured_media":0,"parent":0,"menu_order":0,"comment_status":"closed","ping_status":"closed","template":"","meta":{"footnotes":""},"class_list":["post-27005","page","type-page","status-publish","hentry"],"yoast_head":"<!-- This site is optimized with the Yoast SEO plugin v27.5 - https:\/\/yoast.com\/product\/yoast-seo-wordpress\/ -->\n<title>Miss\u00e3o - Raiz<\/title>\n<meta name=\"description\" content=\"A Raiz International Active Learning School tem como miss\u00e3o influenciar a educa\u00e7\u00e3o em Portugal e no mundo.\" \/>\n<meta name=\"robots\" content=\"index, follow, max-snippet:-1, max-image-preview:large, max-video-preview:-1\" \/>\n<link rel=\"canonical\" href=\"https:\/\/escolaraiz.pt\/pt\/missao\/\" \/>\n<meta name=\"twitter:card\" content=\"summary_large_image\" \/>\n<meta name=\"twitter:title\" content=\"Miss\u00e3o\" \/>\n<meta name=\"twitter:description\" content=\"A Raiz International Active Learning School tem como miss\u00e3o influenciar a educa\u00e7\u00e3o em Portugal e no mundo.\" \/>\n<meta name=\"twitter:image\" content=\"https:\/\/escolaraiz.pt\/pt\/wp-content\/uploads\/2023\/04\/336799589_194178386647711_6897843868163215036_n.jpg\" \/>\n<meta name=\"twitter:label1\" content=\"Tempo estimado de leitura\" \/>\n\t<meta name=\"twitter:data1\" content=\"13 minutos\" \/>\n<script type=\"application\/ld+json\" class=\"yoast-schema-graph\">{\"@context\":\"https:\\\/\\\/schema.org\",\"@graph\":[{\"@type\":\"WebPage\",\"@id\":\"https:\\\/\\\/escolaraiz.pt\\\/pt\\\/missao\\\/\",\"url\":\"https:\\\/\\\/escolaraiz.pt\\\/pt\\\/missao\\\/\",\"name\":\"Miss\u00e3o - Raiz\",\"isPartOf\":{\"@id\":\"https:\\\/\\\/escolaraiz.pt\\\/pt\\\/#website\"},\"datePublished\":\"2017-05-29T13:42:30+00:00\",\"dateModified\":\"2025-08-20T15:27:24+00:00\",\"description\":\"A Raiz International Active Learning School tem como miss\u00e3o influenciar a educa\u00e7\u00e3o em Portugal e no mundo.\",\"breadcrumb\":{\"@id\":\"https:\\\/\\\/escolaraiz.pt\\\/pt\\\/missao\\\/#breadcrumb\"},\"inLanguage\":\"pt-PT\",\"potentialAction\":[{\"@type\":\"ReadAction\",\"target\":[\"https:\\\/\\\/escolaraiz.pt\\\/pt\\\/missao\\\/\"]}]},{\"@type\":\"BreadcrumbList\",\"@id\":\"https:\\\/\\\/escolaraiz.pt\\\/pt\\\/missao\\\/#breadcrumb\",\"itemListElement\":[{\"@type\":\"ListItem\",\"position\":1,\"name\":\"In\u00edcio\",\"item\":\"https:\\\/\\\/escolaraiz.pt\\\/pt\\\/\"},{\"@type\":\"ListItem\",\"position\":2,\"name\":\"Miss\u00e3o\"}]},{\"@type\":\"WebSite\",\"@id\":\"https:\\\/\\\/escolaraiz.pt\\\/pt\\\/#website\",\"url\":\"https:\\\/\\\/escolaraiz.pt\\\/pt\\\/\",\"name\":\"Raiz\",\"description\":\"Active Learning School\",\"potentialAction\":[{\"@type\":\"SearchAction\",\"target\":{\"@type\":\"EntryPoint\",\"urlTemplate\":\"https:\\\/\\\/escolaraiz.pt\\\/pt\\\/?s={search_term_string}\"},\"query-input\":{\"@type\":\"PropertyValueSpecification\",\"valueRequired\":true,\"valueName\":\"search_term_string\"}}],\"inLanguage\":\"pt-PT\"}]}<\/script>\n<!-- \/ Yoast SEO plugin. -->","yoast_head_json":{"title":"Miss\u00e3o - Raiz","description":"A Raiz International Active Learning School tem como miss\u00e3o influenciar a educa\u00e7\u00e3o em Portugal e no mundo.","robots":{"index":"index","follow":"follow","max-snippet":"max-snippet:-1","max-image-preview":"max-image-preview:large","max-video-preview":"max-video-preview:-1"},"canonical":"https:\/\/escolaraiz.pt\/pt\/missao\/","twitter_card":"summary_large_image","twitter_title":"Miss\u00e3o","twitter_description":"A Raiz International Active Learning School tem como miss\u00e3o influenciar a educa\u00e7\u00e3o em Portugal e no mundo.","twitter_image":"https:\/\/escolaraiz.pt\/pt\/wp-content\/uploads\/2023\/04\/336799589_194178386647711_6897843868163215036_n.jpg","twitter_misc":{"Tempo estimado de leitura":"13 minutos"},"schema":{"@context":"https:\/\/schema.org","@graph":[{"@type":"WebPage","@id":"https:\/\/escolaraiz.pt\/pt\/missao\/","url":"https:\/\/escolaraiz.pt\/pt\/missao\/","name":"Miss\u00e3o - Raiz","isPartOf":{"@id":"https:\/\/escolaraiz.pt\/pt\/#website"},"datePublished":"2017-05-29T13:42:30+00:00","dateModified":"2025-08-20T15:27:24+00:00","description":"A Raiz International Active Learning School tem como miss\u00e3o influenciar a educa\u00e7\u00e3o em Portugal e no mundo.","breadcrumb":{"@id":"https:\/\/escolaraiz.pt\/pt\/missao\/#breadcrumb"},"inLanguage":"pt-PT","potentialAction":[{"@type":"ReadAction","target":["https:\/\/escolaraiz.pt\/pt\/missao\/"]}]},{"@type":"BreadcrumbList","@id":"https:\/\/escolaraiz.pt\/pt\/missao\/#breadcrumb","itemListElement":[{"@type":"ListItem","position":1,"name":"In\u00edcio","item":"https:\/\/escolaraiz.pt\/pt\/"},{"@type":"ListItem","position":2,"name":"Miss\u00e3o"}]},{"@type":"WebSite","@id":"https:\/\/escolaraiz.pt\/pt\/#website","url":"https:\/\/escolaraiz.pt\/pt\/","name":"Raiz","description":"Active Learning School","potentialAction":[{"@type":"SearchAction","target":{"@type":"EntryPoint","urlTemplate":"https:\/\/escolaraiz.pt\/pt\/?s={search_term_string}"},"query-input":{"@type":"PropertyValueSpecification","valueRequired":true,"valueName":"search_term_string"}}],"inLanguage":"pt-PT"}]}},"_links":{"self":[{"href":"https:\/\/escolaraiz.pt\/pt\/wp-json\/wp\/v2\/pages\/27005","targetHints":{"allow":["GET"]}}],"collection":[{"href":"https:\/\/escolaraiz.pt\/pt\/wp-json\/wp\/v2\/pages"}],"about":[{"href":"https:\/\/escolaraiz.pt\/pt\/wp-json\/wp\/v2\/types\/page"}],"author":[{"embeddable":true,"href":"https:\/\/escolaraiz.pt\/pt\/wp-json\/wp\/v2\/users\/1"}],"replies":[{"embeddable":true,"href":"https:\/\/escolaraiz.pt\/pt\/wp-json\/wp\/v2\/comments?post=27005"}],"version-history":[{"count":27,"href":"https:\/\/escolaraiz.pt\/pt\/wp-json\/wp\/v2\/pages\/27005\/revisions"}],"predecessor-version":[{"id":30959,"href":"https:\/\/escolaraiz.pt\/pt\/wp-json\/wp\/v2\/pages\/27005\/revisions\/30959"}],"wp:attachment":[{"href":"https:\/\/escolaraiz.pt\/pt\/wp-json\/wp\/v2\/media?parent=27005"}],"curies":[{"name":"wp","href":"https:\/\/api.w.org\/{rel}","templated":true}]}}